{"id":1998,"date":"2015-09-24T05:40:16","date_gmt":"2015-09-24T04:40:16","guid":{"rendered":"http:\/\/www1.zsben.cz\/labyrint\/?page_id=1998"},"modified":"2022-12-03T22:28:10","modified_gmt":"2022-12-03T21:28:10","slug":"o-casopisu","status":"publish","type":"page","link":"https:\/\/www.zsben.cz\/labyrint\/?page_id=1998","title":{"rendered":"LABYRINT: \u0161koln\u00ed \u010dasopis"},"content":{"rendered":"<p style=\"text-align: center;\"><img loading=\"lazy\" decoding=\"async\" class=\"alignleft size-full wp-image-7858\" src=\"https:\/\/www.zsben.cz\/labyrint\/wp-content\/uploads\/2018\/11\/corporate-design-logo-design.png\" alt=\"\" width=\"300\" height=\"300\" \/><em><strong>LABYRINT: \u0161koln\u00ed \u010dasopis<\/strong>\u00a0m\u00e1 na Z\u00e1kladn\u00ed \u0161kole Bene\u0161ov, Dukelsk\u00e1 1818 ji\u017e dlouhou historii a tradici. Vznikl ve \u0161koln\u00edm roce 2000\/2001, kdy ho zalo\u017eily pan\u00ed u\u010ditelky Mgr. Kamila Stola\u0159ov\u00e1 (Richterov\u00e1) a\u00a0Mgr. Blanka Vrkoslavov\u00e1. Od t\u00e9 doby je na \u0161kole \u010dasopis nep\u0159etr\u017eit\u011b v\u00a0r\u00e1mci nepovinn\u00e9ho p\u0159edm\u011btu liter\u00e1rn\u00ed \u010dinnost vyu\u010dovan\u00e9ho od 5. do 9. t\u0159\u00eddy.<\/em><\/p>\n<p style=\"text-align: center;\"><em>N\u011bkolik let (po dobu mate\u0159sk\u00e9 dovolen\u00e9 Mgr. Kamily Stola\u0159ov\u00e9) byla vedouc\u00ed \u010dasopisu i Mgr. Zlatu\u0161e Houdkov\u00e1. Od za\u010d\u00e1tku \u0161koln\u00edho roku 2018\/2019, se o podobu \u010dasopisu star\u00e1 Mgr. Marcela Vlkannova. O korekturu ti\u0161t\u011bn\u00e9 verze se star\u00e1 ji\u017e \u0159adu let Mgr. Blanka Vrkoslavov\u00e1, obr\u00e1zky do \u010dasopisu vyb\u00edr\u00e1 pan\u00ed u\u010ditelka Mgr. Eva Fi\u0161erov\u00e1.<\/em><br \/>\n<em>Na webov\u00e9\u00a0adrese\u00a0<a href=\"https:\/\/www.zsben.cz\/wordpress\/?page_id=48065\">(zde)<\/a>,\u00a0se m\u016f\u017eete pod\u00edvat, jak \u010dasopis vypadal p\u0159ed lety a jak vypad\u00e1 dnes. Je to jist\u011b velk\u00fd pokrok dop\u0159edu\u2026<\/em><\/p>\n<p style=\"text-align: center;\"><span style=\"font-family: georgia, palatino, serif; font-size: 20px; color: #ff0000;\"><strong>REDAK\u010cN\u00cd RADA<img loading=\"lazy\" decoding=\"async\" class=\"size-medium wp-image-9522 alignright\" src=\"https:\/\/www.zsben.cz\/labyrint\/wp-content\/uploads\/2019\/11\/Nov\u00e9-logo-300x185.png\" alt=\"\" width=\"300\" height=\"185\" srcset=\"https:\/\/www.zsben.cz\/labyrint\/wp-content\/uploads\/2019\/11\/Nov\u00e9-logo-300x185.png 300w, https:\/\/www.zsben.cz\/labyrint\/wp-content\/uploads\/2019\/11\/Nov\u00e9-logo-768x473.png 768w, https:\/\/www.zsben.cz\/labyrint\/wp-content\/uploads\/2019\/11\/Nov\u00e9-logo.png 823w\" sizes=\"auto, (max-width: 300px) 100vw, 300px\" \/><\/strong><\/span><\/p>\n<p style=\"text-align: justify;\">Redak\u010dn\u00ed rada \u0161koln\u00edho \u010dasopisu se skl\u00e1d\u00e1 v\u011bt\u0161inou z 8 a\u017e 12 \u010dlen\u016f.\u00a0Ve \u0161kole funguje LABYRINT v r\u00e1mci nepovinn\u00e9ho p\u0159edm\u011btu liter\u00e1rn\u00ed \u010dinnost, do kter\u00e9ho se mohou p\u0159ihl\u00e1sit \u017e\u00e1ci od 5. do 9. ro\u010dn\u00edku, kte\u0159\u00ed cht\u011bj\u00ed b\u00fdt redaktor, pod\u00edlet se a ps\u00e1t o d\u011bn\u00ed na \u0161kole. P\u0159i tomto p\u0159edm\u011btu se \u010dasopis tvo\u0159\u00ed, prob\u00edhaj\u00ed diskuze a d\u00e1vaj\u00ed se n\u00e1m\u011bty na \u010dl\u00e1nky.<br \/>\nRedakto\u0159i se sch\u00e1zej\u00ed ka\u017ed\u00fd p\u00e1tek od 7.00 hodin v u\u010debn\u011b po\u010d\u00edta\u010d\u016f, kde se \u0159e\u0161\u00ed jak webov\u00fd \u010dasopis, tak ti\u0161t\u011bn\u00fd, kter\u00fd vyd\u00e1v\u00e1me 4\u00d7 ve \u0161koln\u00edm roce.<br \/>\nD\u00e1le, jak ji\u017e bylo zm\u00edn\u011bno, provozujeme webov\u00fd \u010dasopis, kter\u00fd se sna\u017e\u00edme st\u00e1le vylep\u0161ovat, nebo\u0165 technika jde st\u00e1le vp\u0159ed.\u00a0Spr\u00e1vcem webov\u00e9ho \u010dasopisu je pan z\u00e1stupce Mgr. Lubor Br\u00e1zda, kter\u00fd se tak\u00e9 star\u00e1 o grafiku webu i ti\u0161t\u011bn\u00e9ho \u010d\u00edsla. Krom\u011b t\u011bchto aktivit po\u0159\u00e1d\u00e1me celo\u0161koln\u00ed sout\u011b\u017e\u00a0<strong>Dukla m\u00e1 TALENT<\/strong>, kter\u00e1 m\u00e1 na \u0161kole velk\u00fd \u00fasp\u011bch. Na tom v\u0161em se pod\u00edl\u00ed redakto\u0159i.<br \/>\n<strong><a href=\"https:\/\/www.zsben.cz\/labyrint\/?page_id=3594\">Seznam redaktor\u016f najdete zde<\/a><\/strong><\/p>\n<p style=\"text-align: center;\"><span style=\"color: #ff9900;\"><strong><span style=\"font-size: 20px;\"><img decoding=\"async\" class=\"alignleft\" src=\"https:\/\/www.zsben.cz\/wordpress\/wp-content\/themes\/zsben-theme\/assets\/img\/logosk.png\" \/>SPOLUPR\u00c1CE SE \u0160KOLOU<\/span><\/strong><\/span><\/p>\n<p style=\"text-align: justify;\">Spolupr\u00e1ce se \u0161kolu je na velmi dobr\u00e9 \u00farovni. Veden\u00ed \u0161koly se n\u00e1m v\u017edy sna\u017e\u00ed vyhov\u011bt a toho si opravdu velmi cen\u00edme! Na \u0161kole zn\u00e1 jm\u00e9no\u00a0<strong>LABYRINT\u00a0<\/strong>opravdu ka\u017ed\u00fd. \u010casopis m\u00e1 i svou n\u00e1st\u011bnku s informacemi, pravideln\u011b se \u017e\u00e1k\u016fm hl\u00e1s\u00ed redakto\u0159i\u00a0ve \u0161koln\u00edm rozhlase s novinkami. Redakto\u0159i se zapojuj\u00ed na d\u011bn\u00ed ve \u0161kole, p\u0159ipravuj\u00ed pro mlad\u0161\u00ed \u017e\u00e1ky projektov\u00e9 hodiny a spolupracuj\u00ed aktivn\u011b s p\u0159\u00edpravnou t\u0159\u00eddou. Ned\u00edlnou sou\u010d\u00e1st\u00ed \u0161koln\u00edho roku je tak\u00e9 za\u0161ti\u0165ov\u00e1n\u00ed po\u0159\u00e1d\u00e1n\u00ed sout\u011b\u017ee Dukla m\u00e1 TALENT!<\/p>\n<p style=\"text-align: center;\"><span style=\"color: #0000ff;\"><strong><span style=\"font-size: 20px;\">PROJEKT WORD PRESS \u2013 pedagog &amp; student<\/span><\/strong><\/span><\/p>\n<p style=\"text-align: justify;\">Od 21. z\u00e1\u0159\u00ed 2015 jsme spustili nov\u00fd projekt s n\u00e1zvem\u00a0<strong>WORD PRESS pedagog &amp; student<\/strong>. \u017d\u00e1ci a u\u010ditel\u00e9 se mohou pod\u00edlet na tvo\u0159en\u00ed \u010dasopisu &#8211; mohou p\u0159isp\u00edvat do webov\u00e9ho \u010dasopisu prost\u0159ednictv\u00edm sv\u00fdch p\u0159ihla\u0161ovac\u00edch \u00fadaj\u016f. \u00da\u010delem je lep\u0161\u00ed informovanost pro \u010dten\u00e1\u0159e o \u0161kole a zapojen\u00ed co nej\u0161ir\u0161\u00edho po\u010dtu lid\u00ed p\u0159i vytv\u00e1\u0159en\u00ed webov\u00e9ho \u010dasopisu a t\u00edm lep\u0161\u00ed aktualizovanost cel\u00e9ho webu.<\/p>\n<p style=\"text-align: center;\"><strong><span style=\"font-size: 20px; color: #ff0000;\">DUKLA M\u00c1 TALENT<img loading=\"lazy\" decoding=\"async\" class=\" wp-image-8961 alignright\" src=\"https:\/\/www.zsben.cz\/labyrint\/wp-content\/uploads\/2019\/09\/Logo-DmT-VII.-300x292.jpg\" alt=\"\" width=\"224\" height=\"218\" \/><\/span><\/strong><\/p>\n<p style=\"text-align: justify;\">Jak ji\u017e bylo zm\u00edn\u011bno, na \u0161kole je sout\u011b\u017e po\u0159\u00e1dan\u00e1 \u0161koln\u00edm \u010dasopisem s n\u00e1zvem <strong>Dukla m\u00e1 TALENT<\/strong> (vzorem je sout\u011b\u017e \u010cesko Slovensko m\u00e1 TALENT). Po\u0159\u00e1d\u00e1 se v\u017edy jednou za \u0161koln\u00ed rok. Sout\u011b\u017e m\u00e1 mezi \u017e\u00e1ky velk\u00fd \u00fasp\u011bch (prvn\u00ed ro\u010dn\u00edk m\u011bl 100 uchaze\u010d\u016f). Sna\u017e\u00edme se sout\u011b\u017e rok od roku vylep\u0161ovat, jak po technick\u00e9, tak i strukturn\u00ed str\u00e1nce. Do sout\u011b\u017ee se m\u016f\u017ee p\u0159ihl\u00e1sit ka\u017ed\u00fd, bez ohledu na to, jak\u00fd talent se v n\u011bm ukr\u00fdv\u00e1! Porota m\u00e1 r\u00e1da, kdy\u017e vid\u00ed ka\u017ed\u00e9 rok nov\u00e9 tv\u00e1\u0159e a talenty! P\u0159\u00ed\u0161t\u00ed rok se bude konat u\u017e 10. ro\u010dn\u00edk!<\/p>\n<p style=\"text-align: center;\"><span style=\"color: #ff9900; font-size: 20px;\"><strong>SOUT\u011a\u017d \u0160KOLN\u00cdCH \u010cASOPIS\u016e<\/strong><\/span><\/p>\n<p style=\"text-align: justify;\">Ji\u017e n\u011bkolik\u00e1t\u00fdm rokem se aktivn\u011b zapojujeme do sout\u011b\u017ee \u0161koln\u00edch \u010dasopis\u016f po\u0159\u00e1danou ASK \u010cR. Skoro ka\u017ed\u00fd rok se umis\u0165ujeme na p\u0159edn\u00edch pozic\u00edch, jak v krajsk\u00fdch, tak celorepublikov\u00fdch kolech! Na\u0161e \u00fasp\u011bchy ze sout\u011b\u017ee jsou k nahl\u00e9dnut\u00ed v menu <a href=\"https:\/\/www.zsben.cz\/labyrint\/?page_id=1996\"><strong>Ocen\u011bn\u00ed \u010dasopisu<\/strong><\/a>. V sout\u011b\u017ei nejde jenom o to, abychom postoupili, ale v\u017edy dostaneme i cenn\u00e9 rady, jak \u010dasopis vylep\u0161it, a my v redakci je v\u017edy pln\u011b vyu\u017eijeme!<br \/>\nV roce 2016 jsme obsadili prvn\u00ed m\u00edsto v celorepublikov\u00e9m kole s webov\u00fdm \u010dasopisem a o rok pozd\u011bji jsme vybojovali druh\u00e9 m\u00edsto! V\u017edy je ale pro n\u00e1s\u00a0hlavn\u00ed, \u017ee sout\u011b\u017e z\u00fa\u010dastn\u00edme a nabereme nov\u00e9 zku\u0161enosti.<\/p>\n<p style=\"text-align: center;\"><span style=\"color: #ff0000; font-size: 20px;\"><strong>R\u016eZN\u00c1 DAL\u0160\u00cd OCEN\u011aN\u00cd \u010cASOPISU A REDAKTOR\u016e<img loading=\"lazy\" decoding=\"async\" class=\"alignright\" src=\"https:\/\/www.benesov-city.cz\/html\/images\/znak.png\" alt=\"Znak m\u00c4\u009bsta\" width=\"126\" height=\"147\" \/><\/strong><\/span><\/p>\n<p style=\"text-align: justify;\">Jak jsme ji\u017e psali, \u010dasopis a jeho redakto\u0159i dostali v uplynul\u00fdch sedmi letech za tvorbu \u010dasopisu \u0159adu ocen\u011bn\u00ed. V\u010detn\u011b um\u00edst\u011bn\u00ed v sout\u011b\u017ei \u0161koln\u00edch \u010dasopis\u016f byli redakto\u0159i ocen\u011bni, tak\u00e9 od starosty m\u011bsta Ing. Jaroslava Hlavni\u010dky, pozd\u011bji od Ing. Petra Hostka, MBA.<br \/>\nDal\u0161\u00ed ocen\u011bn\u00ed dostali od vedouc\u00ed odboru \u0161kolstv\u00ed m\u011bsta Mgr. Ivany K\u00e1rov\u00e9 nebo od krajsk\u00e9ho hejtmana Ing. Milo\u0161e Petery \u010di hejtmanky Jaroslavy Pokorn\u00e9 Jermanov\u00e9. T\u011bchto ocen\u011bn\u00ed si redakto\u0159i velmi v\u00e1\u017e\u00ed. Samotn\u00fd \u010dasopis je vystavov\u00e1n tak\u00e9 v d\u011btsk\u00e9m odd\u011blen\u00ed M\u011bstsk\u00e9 knihovny Bene\u0161ov, kde je dostupn\u00fd k nahl\u00e9dnut\u00ed pro ve\u0159ejnost.<\/p>\n","protected":false},"excerpt":{"rendered":"<p>LABYRINT: \u0161koln\u00ed \u010dasopis\u00a0m\u00e1 na Z\u00e1kladn\u00ed \u0161kole Bene\u0161ov, Dukelsk\u00e1 1818 ji\u017e dlouhou historii a tradici. Vznikl ve \u0161koln\u00edm roce 2000\/2001, kdy ho zalo\u017eily pan\u00ed u\u010ditelky Mgr.&hellip; <\/p>\n","protected":false},"author":13,"featured_media":0,"parent":0,"menu_order":0,"comment_status":"closed","ping_status":"closed","template":"","meta":{"footnotes":""},"class_list":["post-1998","page","type-page","status-publish","hentry"],"_links":{"self":[{"href":"https:\/\/www.zsben.cz\/labyrint\/index.php?rest_route=\/wp\/v2\/pages\/1998","targetHints":{"allow":["GET"]}}],"collection":[{"href":"https:\/\/www.zsben.cz\/labyrint\/index.php?rest_route=\/wp\/v2\/pages"}],"about":[{"href":"https:\/\/www.zsben.cz\/labyrint\/index.php?rest_route=\/wp\/v2\/types\/page"}],"author":[{"embeddable":true,"href":"https:\/\/www.zsben.cz\/labyrint\/index.php?rest_route=\/wp\/v2\/users\/13"}],"replies":[{"embeddable":true,"href":"https:\/\/www.zsben.cz\/labyrint\/index.php?rest_route=%2Fwp%2Fv2%2Fcomments&post=1998"}],"version-history":[{"count":41,"href":"https:\/\/www.zsben.cz\/labyrint\/index.php?rest_route=\/wp\/v2\/pages\/1998\/revisions"}],"predecessor-version":[{"id":13145,"href":"https:\/\/www.zsben.cz\/labyrint\/index.php?rest_route=\/wp\/v2\/pages\/1998\/revisions\/13145"}],"wp:attachment":[{"href":"https:\/\/www.zsben.cz\/labyrint\/index.php?rest_route=%2Fwp%2Fv2%2Fmedia&parent=1998"}],"curies":[{"name":"wp","href":"https:\/\/api.w.org\/{rel}","templated":true}]}}